{"id":82965,"date":"2025-09-02T10:06:06","date_gmt":"2025-09-02T14:06:06","guid":{"rendered":"https:\/\/cultura.aiep.cl\/sala-de-arte\/?page_id=82965"},"modified":"2025-09-02T10:44:52","modified_gmt":"2025-09-02T14:44:52","slug":"maqsen-concurso-de-maquillaje","status":"publish","type":"page","link":"https:\/\/cultura.aiep.cl\/sala-de-arte\/index.php\/maqsen-concurso-de-maquillaje\/","title":{"rendered":"MAQSEN: Concurso de Maquillaje"},"content":{"rendered":"<section id=\"portada\" class=\"vc_row wpb_row vc_row-fluid  vc_custom_1613073584339 vc_row-has-fill\"><div class=\"wpb_column vc_column_container vc_col-has-fill vc_col-sm-12  col-xs-mobile-fullwidth\"><div class=\"vc_column-inner vc_custom_1605102213167\"><div class=\"wpb_wrapper\"><div class=\"vc_row wpb_row vc_inner vc_row-fluid\"><div class=\"wpb_column vc_column_container vc_col-sm-12  col-xs-mobile-fullwidth\"><div class=\"vc_column-inner \"><div class=\"wpb_wrapper\">[vc_empty_space height=\u00bb40px\u00bb]<div class=\"last-paragraph-no-margin\" style=\"color: #ffffff;\"><div align=\"justify\">\n<p>La escuela de Est\u00e9tica Integral desarrolla anualmente el Concurso de maquillaje con sentido, MAQSEN, que corresponde a un Proyecto de Extensi\u00f3n Acad\u00e9mica. Esta iniciativa nos permite vincular el poder comunicativo y cautivador del maquillaje con causas necesarias para el mundo, de una forma art\u00edstica, visual y muy creativa. Este a\u00f1o, 2025, propiciamos la alianza con Sistema B Chile, organizaci\u00f3n que impulsa a empresas que buscan desarrollar sus negocios con impactos positivos, en lo econ\u00f3mico, social y ambiental, a trav\u00e9s de la mejora continua de sus pr\u00e1cticas y modelos de negocios, con el fin de construir una econom\u00eda m\u00e1s equitativa, inclusiva y regenerativa para todas las personas y el planeta.<\/p>\n<p>En ese contexto, el Concurso se inspir\u00f3 en el ODS#11 \u00abLograr que las ciudades y los asentamientos humanos sean inclusivos, seguros, resilientes y sostenibles\u00bb. Este Objetivo de Desarrollo Sostenible, se centra en hacer que las ciudades que concentran a una gran parte de la poblaci\u00f3n mundial sean m\u00e1s habitables, equitativas y preparadas para afrontar desaf\u00edos futuros. En esta versi\u00f3n de MAQSEN, se presentaron m\u00e1s de 300 proyectos a nivel nacional, quedando preseleccionados 105. El jurado, compuesto por 10 integrantes, tuvo una ardua tarea para definir los 20 ganadores.<\/p>\n<p>Con gratitud y satisfacci\u00f3n cerramos la quinta versi\u00f3n de MAQSEN, agradeciendo a Sistema B por habernos apoyado y ense\u00f1ado lo que significa el \u00abimpacto positivo\u00bb de las empresas, a cada uno de nuestros estudiantes que se atrevieron a jugar y desplegar sus capacidades creativas con propuestas atrevidas e innovadoras, a los integrantes del jurado por su tiempo y disposici\u00f3n y sobre todo a los docentes y jefes de escuela que en todo momento creyeron y se sumaron al desaf\u00edo de la escuela. Sin duda, juntos hemos creado un espacio de aprendizaje y conexi\u00f3n que estamos seguros dejar\u00e1 una huella duradera en pro de las comunidades y organizaciones sostenibles. \u00a1Nos vemos el 2026 en el pr\u00f3ximo MAQSEN!<\/p>\n<p>Isser Cyntia Donoso Iba\u00f1ez<\/p>\n<p>Directora de la Escuela de Est\u00e9tica Integral del AIEP<\/p>\n<\/div>\n<\/div><\/div><\/div><\/div><\/div>[vc_empty_space height=\u00bb70px\u00bb css=\u00bb.vc_custom_1613072231028{background-color: rgba(10,10,10,0.01) !important;*background-color: rgb(10,10,10) !important;}\u00bb]<div class=\" vc_custom_1756823175242 last-paragraph-no-margin\" style=\"color: #ffffff;\"><h4 style=\"text-align: center;\">La escuela de Est\u00e9tica Integral desarrolla anualmente el Concurso de maquillaje con sentido, MAQSEN.<\/h4>\n<h4 style=\"text-align: center;\"><span style=\"color: #f6f5f5;\"><strong>\u00a0<\/strong><\/span><\/h4>\n<div><\/div>\n<\/div><\/div><\/div><\/div><\/section><section id=\"exposicion\" class=\"vc_row wpb_row vc_row-fluid  vc_custom_1590439155966 vc_row-has-fill\"><div class=\"wpb_column vc_column_container vc_col-sm-12 vc_hidden-sm vc_hidden-xs col-xs-mobile-fullwidth\"><div class=\"vc_column-inner \"><div class=\"wpb_wrapper\">[vc_single_image image=\u00bb82993&#8243; img_size=\u00bbfull\u00bb add_caption=\u00bbyes\u00bb alignment=\u00bbcenter\u00bb onclick=\u00bbzoom\u00bb]<\/div><\/div><\/div><\/section><section id=\"exposicion\" class=\"vc_row wpb_row vc_row-fluid  vc_custom_1590439155966 vc_row-has-fill\"><div class=\"wpb_column vc_column_container vc_col-sm-6 vc_hidden-sm vc_hidden-xs col-xs-mobile-fullwidth\"><div class=\"vc_column-inner \"><div class=\"wpb_wrapper\">[vc_single_image image=\u00bb82985&#8243; img_size=\u00bbfull\u00bb add_caption=\u00bbyes\u00bb alignment=\u00bbcenter\u00bb onclick=\u00bbzoom\u00bb]<\/div><\/div><\/div><div class=\"wpb_column vc_column_container vc_col-sm-6  col-xs-mobile-fullwidth\"><div class=\"vc_column-inner \"><div class=\"wpb_wrapper\">[vc_single_image image=\u00bb82984&#8243; img_size=\u00bbfull\u00bb add_caption=\u00bbyes\u00bb alignment=\u00bbcenter\u00bb onclick=\u00bbzoom\u00bb]<\/div><\/div><\/div><\/section><section id=\"exposicion\" class=\"vc_row wpb_row vc_row-fluid  vc_custom_1590439155966 vc_row-has-fill\"><div class=\"wpb_column vc_column_container vc_col-sm-3 vc_hidden-sm vc_hidden-xs col-xs-mobile-fullwidth\"><div class=\"vc_column-inner \"><div class=\"wpb_wrapper\">[vc_empty_space height=\u00bb60px\u00bb]<div class=\"separator-line-horrizontal-full bg-extra-light-gray center-col pofo-separator\"><\/div><\/div><\/div><\/div><div class=\"wpb_column vc_column_container vc_col-sm-6  col-xs-mobile-fullwidth\"><div class=\"vc_column-inner \"><div class=\"wpb_wrapper\">[vc_single_image image=\u00bb81399&#8243; img_size=\u00bbfull\u00bb alignment=\u00bbcenter\u00bb css_animation=\u00bbnone\u00bb][vc_empty_space height=\u00bb20px\u00bb][vc_custom_heading text=\u00bbEXPOSICI\u00d3N\u00bb font_container=\u00bbtag:h4|text_align:center|color:%23f6f5f5&#8243; use_theme_fonts=\u00bbyes\u00bb][vc_empty_space height=\u00bb20px\u00bb]<\/div><\/div><\/div><div class=\"wpb_column vc_column_container vc_col-sm-3 vc_hidden-sm vc_hidden-xs col-xs-mobile-fullwidth\"><div class=\"vc_column-inner \"><div class=\"wpb_wrapper\">[vc_empty_space height=\u00bb60px\u00bb]<div class=\"separator-line-horrizontal-full bg-extra-light-gray center-col pofo-separator\"><\/div><\/div><\/div><\/div><\/section><section class=\"vc_row wpb_row vc_row-fluid  vc_custom_1613072947180 vc_row-has-fill\"><div class=\"wpb_column vc_column_container vc_col-sm-12  col-xs-mobile-fullwidth\"><div class=\"vc_column-inner \"><div class=\"wpb_wrapper\"><div class=\"last-paragraph-no-margin\"><\/div>[vc_empty_space]<ul  class=\"portfolio-grid hover-option10 metro-gallery lightbox-portfolio work-3col\"><li class=\"grid-sizer\"><\/li><li class=\"grid-item\"><figure><div class=\"portfolio-img pofo-portfolio-page-background bg-black\"><img decoding=\"async\" src=\"https:\/\/cultura.aiep.cl\/sala-de-arte\/wp-content\/uploads\/2025\/09\/Valentina_Soto_Serena.jpg\"  alt=\"\" width=\"750\" height=\"1000\" sizes=\"(max-width: 750px) 100vw, 750px\" class=\"project-img-gallery\" data-no-retina=\"\" \/><\/div><figcaption><div class=\"portfolio-hover-main text-center\"><div class=\"portfolio-hover-box vertical-align-middle\"><div class=\"portfolio-icon\"><a href=\"https:\/\/cultura.aiep.cl\/sala-de-arte\/wp-content\/uploads\/2025\/09\/Valentina_Soto_Serena.jpg\" class=\"gallery-link\" data-group=\"pofo-lightbox-1\"  title=\"Valentina_Soto_Serena.\"><i class=\"ti-zoom-in text-white fa-2x\" aria-hidden=\"true\"><\/i><\/a><\/div><\/div><\/div><\/figcaption><figure><\/li><li class=\"grid-item\"><figure><div class=\"portfolio-img pofo-portfolio-page-background bg-black\"><img decoding=\"async\" src=\"https:\/\/cultura.aiep.cl\/sala-de-arte\/wp-content\/uploads\/2025\/09\/Valentina_Fernandez_Sanfernando.jpg\"  alt=\"\" width=\"750\" height=\"1000\" sizes=\"(max-width: 750px) 100vw, 750px\" class=\"project-img-gallery\" data-no-retina=\"\" \/><\/div><figcaption><div class=\"portfolio-hover-main text-center\"><div class=\"portfolio-hover-box vertical-align-middle\"><div class=\"portfolio-icon\"><a href=\"https:\/\/cultura.aiep.cl\/sala-de-arte\/wp-content\/uploads\/2025\/09\/Valentina_Fernandez_Sanfernando.jpg\" class=\"gallery-link\" data-group=\"pofo-lightbox-1\"  title=\"Valentina_Fernandez_Sanfernando\"><i class=\"ti-zoom-in text-white fa-2x\" aria-hidden=\"true\"><\/i><\/a><\/div><\/div><\/div><\/figcaption><figure><\/li><li class=\"grid-item\"><figure><div class=\"portfolio-img pofo-portfolio-page-background bg-black\"><img decoding=\"async\" src=\"https:\/\/cultura.aiep.cl\/sala-de-arte\/wp-content\/uploads\/2025\/09\/Tamara_Romero_LosAngeles.jpg\"  alt=\"\" width=\"837\" height=\"1000\" sizes=\"(max-width: 837px) 100vw, 837px\" class=\"project-img-gallery\" data-no-retina=\"\" \/><\/div><figcaption><div class=\"portfolio-hover-main text-center\"><div class=\"portfolio-hover-box vertical-align-middle\"><div class=\"portfolio-icon\"><a href=\"https:\/\/cultura.aiep.cl\/sala-de-arte\/wp-content\/uploads\/2025\/09\/Tamara_Romero_LosAngeles.jpg\" class=\"gallery-link\" data-group=\"pofo-lightbox-1\"  title=\"Tamara_Romero_LosAngeles.\"><i class=\"ti-zoom-in text-white fa-2x\" aria-hidden=\"true\"><\/i><\/a><\/div><\/div><\/div><\/figcaption><figure><\/li><li class=\"grid-item\"><figure><div class=\"portfolio-img pofo-portfolio-page-background bg-black\"><img decoding=\"async\" src=\"https:\/\/cultura.aiep.cl\/sala-de-arte\/wp-content\/uploads\/2025\/09\/Patricia_Espinoza_Chillan.jpg\"  alt=\"\" width=\"755\" height=\"1000\" sizes=\"(max-width: 755px) 100vw, 755px\" class=\"project-img-gallery\" data-no-retina=\"\" \/><\/div><figcaption><div class=\"portfolio-hover-main text-center\"><div class=\"portfolio-hover-box vertical-align-middle\"><div class=\"portfolio-icon\"><a href=\"https:\/\/cultura.aiep.cl\/sala-de-arte\/wp-content\/uploads\/2025\/09\/Patricia_Espinoza_Chillan.jpg\" class=\"gallery-link\" data-group=\"pofo-lightbox-1\"  title=\"FRONTAL.HEIC &#8211; 1\"><i class=\"ti-zoom-in text-white fa-2x\" aria-hidden=\"true\"><\/i><\/a><\/div><\/div><\/div><\/figcaption><figure><\/li><li class=\"grid-item\"><figure><div class=\"portfolio-img pofo-portfolio-page-background bg-black\"><img decoding=\"async\" src=\"https:\/\/cultura.aiep.cl\/sala-de-arte\/wp-content\/uploads\/2025\/09\/patricia_antiman_mansilla-CASTRO.jpg\"  alt=\"\" width=\"916\" height=\"1000\" sizes=\"(max-width: 916px) 100vw, 916px\" class=\"project-img-gallery\" data-no-retina=\"\" \/><\/div><figcaption><div class=\"portfolio-hover-main text-center\"><div class=\"portfolio-hover-box vertical-align-middle\"><div class=\"portfolio-icon\"><a href=\"https:\/\/cultura.aiep.cl\/sala-de-arte\/wp-content\/uploads\/2025\/09\/patricia_antiman_mansilla-CASTRO.jpg\" class=\"gallery-link\" data-group=\"pofo-lightbox-1\"  title=\"patricia_antiman_mansilla CASTRO\"><i class=\"ti-zoom-in text-white fa-2x\" aria-hidden=\"true\"><\/i><\/a><\/div><\/div><\/div><\/figcaption><figure><\/li><li class=\"grid-item\"><figure><div class=\"portfolio-img pofo-portfolio-page-background bg-black\"><img decoding=\"async\" src=\"https:\/\/cultura.aiep.cl\/sala-de-arte\/wp-content\/uploads\/2025\/09\/NICOLE-VALENTINA-MALDONADO-HERNANDEZ-SAN-JOAQUIN1.jpg\"  alt=\"\" width=\"982\" height=\"1000\" sizes=\"(max-width: 982px) 100vw, 982px\" class=\"project-img-gallery\" data-no-retina=\"\" \/><\/div><figcaption><div class=\"portfolio-hover-main text-center\"><div class=\"portfolio-hover-box vertical-align-middle\"><div class=\"portfolio-icon\"><a href=\"https:\/\/cultura.aiep.cl\/sala-de-arte\/wp-content\/uploads\/2025\/09\/NICOLE-VALENTINA-MALDONADO-HERNANDEZ-SAN-JOAQUIN1.jpg\" class=\"gallery-link\" data-group=\"pofo-lightbox-1\"  title=\"NICOLE VALENTINA MALDONADO HERNANDEZ &#8211; SAN JOAQUIN1\"><i class=\"ti-zoom-in text-white fa-2x\" aria-hidden=\"true\"><\/i><\/a><\/div><\/div><\/div><\/figcaption><figure><\/li><li class=\"grid-item\"><figure><div class=\"portfolio-img pofo-portfolio-page-background bg-black\"><img decoding=\"async\" src=\"https:\/\/cultura.aiep.cl\/sala-de-arte\/wp-content\/uploads\/2025\/09\/Melissa_Pena_Maipu.jpg\"  alt=\"\" width=\"667\" height=\"1000\" sizes=\"(max-width: 667px) 100vw, 667px\" class=\"project-img-gallery\" data-no-retina=\"\" \/><\/div><figcaption><div class=\"portfolio-hover-main text-center\"><div class=\"portfolio-hover-box vertical-align-middle\"><div class=\"portfolio-icon\"><a href=\"https:\/\/cultura.aiep.cl\/sala-de-arte\/wp-content\/uploads\/2025\/09\/Melissa_Pena_Maipu.jpg\" class=\"gallery-link\" data-group=\"pofo-lightbox-1\"  title=\"Melissa_Pe\u00f1a_Maip\u00fa\"><i class=\"ti-zoom-in text-white fa-2x\" aria-hidden=\"true\"><\/i><\/a><\/div><\/div><\/div><\/figcaption><figure><\/li><li class=\"grid-item\"><figure><div class=\"portfolio-img pofo-portfolio-page-background bg-black\"><img decoding=\"async\" src=\"https:\/\/cultura.aiep.cl\/sala-de-arte\/wp-content\/uploads\/2025\/09\/MARIA_CANETE_CURICO.jpg\"  alt=\"\" width=\"750\" height=\"1000\" sizes=\"(max-width: 750px) 100vw, 750px\" class=\"project-img-gallery\" data-no-retina=\"\" \/><\/div><figcaption><div class=\"portfolio-hover-main text-center\"><div class=\"portfolio-hover-box vertical-align-middle\"><div class=\"portfolio-icon\"><a href=\"https:\/\/cultura.aiep.cl\/sala-de-arte\/wp-content\/uploads\/2025\/09\/MARIA_CANETE_CURICO.jpg\" class=\"gallery-link\" data-group=\"pofo-lightbox-1\"  title=\"MARIA_CA\u00d1ETE_CURIC\u00d3.\"><i class=\"ti-zoom-in text-white fa-2x\" aria-hidden=\"true\"><\/i><\/a><\/div><\/div><\/div><\/figcaption><figure><\/li><li class=\"grid-item\"><figure><div class=\"portfolio-img pofo-portfolio-page-background bg-black\"><img decoding=\"async\" src=\"https:\/\/cultura.aiep.cl\/sala-de-arte\/wp-content\/uploads\/2025\/09\/Magdalena_Gonzalez_VinadelMar1.jpg\"  alt=\"\" width=\"729\" height=\"1000\" sizes=\"(max-width: 729px) 100vw, 729px\" class=\"project-img-gallery\" data-no-retina=\"\" \/><\/div><figcaption><div class=\"portfolio-hover-main text-center\"><div class=\"portfolio-hover-box vertical-align-middle\"><div class=\"portfolio-icon\"><a href=\"https:\/\/cultura.aiep.cl\/sala-de-arte\/wp-content\/uploads\/2025\/09\/Magdalena_Gonzalez_VinadelMar1.jpg\" class=\"gallery-link\" data-group=\"pofo-lightbox-1\"  title=\"Magdalena_Gonzalez_Vi\u00f1adelMar1\"><i class=\"ti-zoom-in text-white fa-2x\" aria-hidden=\"true\"><\/i><\/a><\/div><\/div><\/div><\/figcaption><figure><\/li><li class=\"grid-item\"><figure><div class=\"portfolio-img pofo-portfolio-page-background bg-black\"><img decoding=\"async\" src=\"https:\/\/cultura.aiep.cl\/sala-de-arte\/wp-content\/uploads\/2025\/09\/Jeannette_Martin_Puerto-Montt-1.jpg\"  alt=\"\" width=\"1000\" height=\"665\" sizes=\"(max-width: 1000px) 100vw, 1000px\" class=\"project-img-gallery\" data-no-retina=\"\" \/><\/div><figcaption><div class=\"portfolio-hover-main text-center\"><div class=\"portfolio-hover-box vertical-align-middle\"><div class=\"portfolio-icon\"><a href=\"https:\/\/cultura.aiep.cl\/sala-de-arte\/wp-content\/uploads\/2025\/09\/Jeannette_Martin_Puerto-Montt-1.jpg\" class=\"gallery-link\" data-group=\"pofo-lightbox-1\"  title=\"Jeannette_Martin_Puerto Montt 1\"><i class=\"ti-zoom-in text-white fa-2x\" aria-hidden=\"true\"><\/i><\/a><\/div><\/div><\/div><\/figcaption><figure><\/li><li class=\"grid-item\"><figure><div class=\"portfolio-img pofo-portfolio-page-background bg-black\"><img decoding=\"async\" src=\"https:\/\/cultura.aiep.cl\/sala-de-arte\/wp-content\/uploads\/2025\/09\/Giuliana_Villaseca_Talca2.jpg\"  alt=\"\" width=\"687\" height=\"1000\" sizes=\"(max-width: 687px) 100vw, 687px\" class=\"project-img-gallery\" data-no-retina=\"\" \/><\/div><figcaption><div class=\"portfolio-hover-main text-center\"><div class=\"portfolio-hover-box vertical-align-middle\"><div class=\"portfolio-icon\"><a href=\"https:\/\/cultura.aiep.cl\/sala-de-arte\/wp-content\/uploads\/2025\/09\/Giuliana_Villaseca_Talca2.jpg\" class=\"gallery-link\" data-group=\"pofo-lightbox-1\"  title=\"Giuliana_Villaseca_Talca2\"><i class=\"ti-zoom-in text-white fa-2x\" aria-hidden=\"true\"><\/i><\/a><\/div><\/div><\/div><\/figcaption><figure><\/li><li class=\"grid-item\"><figure><div class=\"portfolio-img pofo-portfolio-page-background bg-black\"><img decoding=\"async\" src=\"https:\/\/cultura.aiep.cl\/sala-de-arte\/wp-content\/uploads\/2025\/09\/Francisca_Pereira_Sede-San-bernardo1.jpg\"  alt=\"\" width=\"750\" height=\"1000\" sizes=\"(max-width: 750px) 100vw, 750px\" class=\"project-img-gallery\" data-no-retina=\"\" \/><\/div><figcaption><div class=\"portfolio-hover-main text-center\"><div class=\"portfolio-hover-box vertical-align-middle\"><div class=\"portfolio-icon\"><a href=\"https:\/\/cultura.aiep.cl\/sala-de-arte\/wp-content\/uploads\/2025\/09\/Francisca_Pereira_Sede-San-bernardo1.jpg\" class=\"gallery-link\" data-group=\"pofo-lightbox-1\"  title=\"Francisca_Pereira_Sede San bernardo1\"><i class=\"ti-zoom-in text-white fa-2x\" aria-hidden=\"true\"><\/i><\/a><\/div><\/div><\/div><\/figcaption><figure><\/li><li class=\"grid-item\"><figure><div class=\"portfolio-img pofo-portfolio-page-background bg-black\"><img decoding=\"async\" src=\"https:\/\/cultura.aiep.cl\/sala-de-arte\/wp-content\/uploads\/2025\/09\/CAROLINA_ARANDA_SantiagoNorte.jpg\"  alt=\"\" width=\"739\" height=\"1000\" sizes=\"(max-width: 739px) 100vw, 739px\" class=\"project-img-gallery\" data-no-retina=\"\" \/><\/div><figcaption><div class=\"portfolio-hover-main text-center\"><div class=\"portfolio-hover-box vertical-align-middle\"><div class=\"portfolio-icon\"><a href=\"https:\/\/cultura.aiep.cl\/sala-de-arte\/wp-content\/uploads\/2025\/09\/CAROLINA_ARANDA_SantiagoNorte.jpg\" class=\"gallery-link\" data-group=\"pofo-lightbox-1\"  title=\"CAROLINA_ARANDA_SantiagoNorte\"><i class=\"ti-zoom-in text-white fa-2x\" aria-hidden=\"true\"><\/i><\/a><\/div><\/div><\/div><\/figcaption><figure><\/li><li class=\"grid-item\"><figure><div class=\"portfolio-img pofo-portfolio-page-background bg-black\"><img decoding=\"async\" src=\"https:\/\/cultura.aiep.cl\/sala-de-arte\/wp-content\/uploads\/2025\/09\/Antonia_Labrin-AIEP-concepcion.jpg\"  alt=\"\" width=\"883\" height=\"1000\" sizes=\"(max-width: 883px) 100vw, 883px\" class=\"project-img-gallery\" data-no-retina=\"\" \/><\/div><figcaption><div class=\"portfolio-hover-main text-center\"><div class=\"portfolio-hover-box vertical-align-middle\"><div class=\"portfolio-icon\"><a href=\"https:\/\/cultura.aiep.cl\/sala-de-arte\/wp-content\/uploads\/2025\/09\/Antonia_Labrin-AIEP-concepcion.jpg\" class=\"gallery-link\" data-group=\"pofo-lightbox-1\"  title=\"Antonia_Labrin AIEP concepci\u00f3n\"><i class=\"ti-zoom-in text-white fa-2x\" aria-hidden=\"true\"><\/i><\/a><\/div><\/div><\/div><\/figcaption><figure><\/li><li class=\"grid-item\"><figure><div class=\"portfolio-img pofo-portfolio-page-background bg-black\"><img decoding=\"async\" src=\"https:\/\/cultura.aiep.cl\/sala-de-arte\/wp-content\/uploads\/2025\/09\/Antonia_Duque_Rancagua2.jpg\"  alt=\"\" width=\"781\" height=\"1000\" sizes=\"(max-width: 781px) 100vw, 781px\" class=\"project-img-gallery\" data-no-retina=\"\" \/><\/div><figcaption><div class=\"portfolio-hover-main text-center\"><div class=\"portfolio-hover-box vertical-align-middle\"><div class=\"portfolio-icon\"><a href=\"https:\/\/cultura.aiep.cl\/sala-de-arte\/wp-content\/uploads\/2025\/09\/Antonia_Duque_Rancagua2.jpg\" class=\"gallery-link\" data-group=\"pofo-lightbox-1\"  title=\"Antonia_Duque_Rancagua2\"><i class=\"ti-zoom-in text-white fa-2x\" aria-hidden=\"true\"><\/i><\/a><\/div><\/div><\/div><\/figcaption><figure><\/li><li class=\"grid-item\"><figure><div class=\"portfolio-img pofo-portfolio-page-background bg-black\"><img decoding=\"async\" src=\"https:\/\/cultura.aiep.cl\/sala-de-arte\/wp-content\/uploads\/2025\/09\/Victoria-Rodriguez-Osorno2.jpg\"  alt=\"\" width=\"750\" height=\"1000\" sizes=\"(max-width: 750px) 100vw, 750px\" class=\"project-img-gallery\" data-no-retina=\"\" \/><\/div><figcaption><div class=\"portfolio-hover-main text-center\"><div class=\"portfolio-hover-box vertical-align-middle\"><div class=\"portfolio-icon\"><a href=\"https:\/\/cultura.aiep.cl\/sala-de-arte\/wp-content\/uploads\/2025\/09\/Victoria-Rodriguez-Osorno2.jpg\" class=\"gallery-link\" data-group=\"pofo-lightbox-1\"  title=\"Victoria Rodr\u00edguez Osorno2\"><i class=\"ti-zoom-in text-white fa-2x\" aria-hidden=\"true\"><\/i><\/a><\/div><\/div><\/div><\/figcaption><figure><\/li><li class=\"grid-item\"><figure><div class=\"portfolio-img pofo-portfolio-page-background bg-black\"><img decoding=\"async\" src=\"https:\/\/cultura.aiep.cl\/sala-de-arte\/wp-content\/uploads\/2025\/09\/VALERIA_BENAVIDES_TEMUCO.jpg\"  alt=\"\" width=\"1000\" height=\"667\" sizes=\"(max-width: 1000px) 100vw, 1000px\" class=\"project-img-gallery\" data-no-retina=\"\" \/><\/div><figcaption><div class=\"portfolio-hover-main text-center\"><div class=\"portfolio-hover-box vertical-align-middle\"><div class=\"portfolio-icon\"><a href=\"https:\/\/cultura.aiep.cl\/sala-de-arte\/wp-content\/uploads\/2025\/09\/VALERIA_BENAVIDES_TEMUCO.jpg\" class=\"gallery-link\" data-group=\"pofo-lightbox-1\"  title=\"VALERIA_BENAVIDES_TEMUCO\"><i class=\"ti-zoom-in text-white fa-2x\" aria-hidden=\"true\"><\/i><\/a><\/div><\/div><\/div><\/figcaption><figure><\/li><\/ul>[vc_empty_space height=\u00bb100px\u00bb]<\/div><\/div><\/div><\/section>\n","protected":false},"excerpt":{"rendered":"[vc_empty_space height=\"40px\"] La escuela de Est\u00e9tica Integral desarrolla anualmente el Concurso de maquillaje con sentido, MAQSEN, que corresponde a un Proyecto de Extensi\u00f3n Acad\u00e9mica. Esta iniciativa nos permite vincular el poder comunicativo y cautivador del maquillaje con causas necesarias para el mundo, de una forma art\u00edstica, visual y muy creativa. Este a\u00f1o, 2025, propiciamos la alianza con Sistema B Chile, organizaci\u00f3n que impulsa a empresas que buscan desarrollar sus negocios con impactos positivos, en lo econ\u00f3mico, social y ambiental, a trav\u00e9s de la mejora continua de sus pr\u00e1cticas y modelos de negocios, con el fin de construir una econom\u00eda m\u00e1s equitativa, inclusiva y regenerativa para todas las personas y el planeta. En ese contexto, el Concurso se inspir\u00f3 en el ODS#11 \"Lograr que las ciudades y los asentamientos humanos sean inclusivos, seguros, resilientes y sostenibles\". Este Objetivo de Desarrollo Sostenible, se centra en hacer que las ciudades que concentran a una gran parte de la poblaci\u00f3n mundial sean m\u00e1s habitables, equitativas y preparadas para afrontar desaf\u00edos futuros. En esta versi\u00f3n de MAQSEN, se presentaron m\u00e1s de 300 proyectos a nivel nacional, quedando preseleccionados 105. El jurado, compuesto por 10 integrantes, tuvo una ardua tarea para definir los 20 ganadores. Con...","protected":false},"author":1,"featured_media":82990,"parent":0,"menu_order":1,"comment_status":"open","ping_status":"closed","template":"","meta":{"footnotes":""},"class_list":["post-82965","page","type-page","status-publish","has-post-thumbnail","hentry"],"_links":{"self":[{"href":"https:\/\/cultura.aiep.cl\/sala-de-arte\/index.php\/wp-json\/wp\/v2\/pages\/82965","targetHints":{"allow":["GET"]}}],"collection":[{"href":"https:\/\/cultura.aiep.cl\/sala-de-arte\/index.php\/wp-json\/wp\/v2\/pages"}],"about":[{"href":"https:\/\/cultura.aiep.cl\/sala-de-arte\/index.php\/wp-json\/wp\/v2\/types\/page"}],"author":[{"embeddable":true,"href":"https:\/\/cultura.aiep.cl\/sala-de-arte\/index.php\/wp-json\/wp\/v2\/users\/1"}],"replies":[{"embeddable":true,"href":"https:\/\/cultura.aiep.cl\/sala-de-arte\/index.php\/wp-json\/wp\/v2\/comments?post=82965"}],"version-history":[{"count":13,"href":"https:\/\/cultura.aiep.cl\/sala-de-arte\/index.php\/wp-json\/wp\/v2\/pages\/82965\/revisions"}],"predecessor-version":[{"id":83001,"href":"https:\/\/cultura.aiep.cl\/sala-de-arte\/index.php\/wp-json\/wp\/v2\/pages\/82965\/revisions\/83001"}],"wp:featuredmedia":[{"embeddable":true,"href":"https:\/\/cultura.aiep.cl\/sala-de-arte\/index.php\/wp-json\/wp\/v2\/media\/82990"}],"wp:attachment":[{"href":"https:\/\/cultura.aiep.cl\/sala-de-arte\/index.php\/wp-json\/wp\/v2\/media?parent=82965"}],"curies":[{"name":"wp","href":"https:\/\/api.w.org\/{rel}","templated":true}]}}